{"id":9057,"date":"2024-10-04T14:36:20","date_gmt":"2024-10-04T14:36:20","guid":{"rendered":"https:\/\/atria.clinic\/?post_type=equipo_medico&#038;p=9057"},"modified":"2025-05-29T10:59:16","modified_gmt":"2025-05-29T10:59:16","slug":"dr-alejandro-cortes-beringola","status":"publish","type":"equipo_medico","link":"https:\/\/atria.clinic\/en\/medical_team-en\/dr-alejandro-cortes-beringola\/","title":{"rendered":"Dr. Alejandro Cort\u00e9s Beringola"},"content":{"rendered":"\t\t<div data-elementor-type=\"wp-post\" data-elementor-id=\"9057\" class=\"elementor elementor-9057\" data-elementor-post-type=\"equipo_medico\">\n\t\t\t\t\t\t<section class=\"elementor-section elementor-top-section elementor-element elementor-element-119fc006 elementor-section-boxed elementor-section-height-default elementor-section-height-default\" data-id=\"119fc006\" data-element_type=\"section\">\n\t\t\t\t\t\t<div class=\"elementor-container elementor-column-gap-default\">\n\t\t\t\t\t<div class=\"elementor-column elementor-col-100 elementor-top-column elementor-element elementor-element-4d1618bd\" data-id=\"4d1618bd\" data-element_type=\"column\">\n\t\t\t<div class=\"elementor-widget-wrap elementor-element-populated\">\n\t\t\t\t\t\t<div class=\"elementor-element elementor-element-47dca79f elementor-widget elementor-widget-text-editor\" data-id=\"47dca79f\" data-element_type=\"widget\" data-widget_type=\"text-editor.default\">\n\t\t\t\t<div class=\"elementor-widget-container\">\n\t\t\t\t\t\t\t\t\t<p><span style=\"color: #4b7389;\"><strong>En la actualidad desarrolla su actividad profesional principal dentro del \u00e1rea de la cardiolog\u00eda\u00a0<\/strong><\/span><span style=\"color: #4b7389;\"><strong>cl\u00ednica y laboratorio de ecocardiograf\u00eda en el Hospital Universitario Infanta Leonor de Madrid. <\/strong><\/span><\/p><p><span style=\"color: #4b7389;\"><strong>\u00a0<\/strong><\/span><\/p><p><span style=\"font-size: 28px; font-family: Gotham-XLight;\">Formaci\u00f3n acad\u00e9mica nacional e internacional<\/span><\/p><p><span style=\"font-family: Gotham-Book;\"><span style=\"color: var( --e-global-color-primary ); font-weight: var( --e-global-typography-text-font-weight ); font-size: 1rem;\">L<\/span><span style=\"color: var( --e-global-color-primary ); font-size: 1rem;\">icenciado en Medicina por la <\/span><strong><span style=\"font-size: 1rem; color: #4b7389;\"><i>Universidad Complutense de Madrid<\/i><\/span><\/strong><span style=\"color: var( --e-global-color-primary ); font-size: 1rem;\"> (2010) y en Cardiolog\u00eda en el <\/span><strong><span style=\"font-size: 1rem; color: #4b7389;\"><i>Hospital Virgen de la Salud de Toledo<\/i><\/span><\/strong><span style=\"color: var( --e-global-color-primary ); font-size: 1rem;\"> (2016).<\/span><\/span><\/p><p>Realiz\u00f3 una estancia en los <span style=\"color: #4b7389;\"><strong><i>Hospitales Royal Brompton y Harefield de Londres<\/i><\/strong><\/span> centr\u00e1ndose en la atenci\u00f3n al paciente cr\u00edtico cardiovascular y ecocardiograf\u00eda transesof\u00e1gica.<\/p><p>Posteriormente complet\u00f3 su formaci\u00f3n en el <span style=\"color: #4b7389;\"><strong><i>Hospital Universitario 12 de Octubre de Madrid<\/i><\/strong><\/span>, donde realiz\u00f3 una Beca de la Secci\u00f3n de Cardiopat\u00eda Isqu\u00e9mica y Cuidados Agudos Cardiovasculares de la Sociedad Espa\u00f1ola de Cardiolog\u00eda (2016 \u2013 2017).<\/p><p>Durante los a\u00f1os 2018 y 2019 se desarroll\u00f3 profesionalmente en la Unidad de Imagen Cardiaca y particip\u00f3 en la puesta en marcha de la Unidad de Valvulopat\u00edas y Aortopat\u00edas del mismo hospital bajo la supervisi\u00f3n del Dr. Jorge Sol\u00eds.<\/p><p>Finaliz\u00f3 el M\u00e1ster de Postgrado de formaci\u00f3n no presencial en <span style=\"color: #4b7389;\"><strong><i>Cuidados Cardiacos Agudos de la Universidad Internacional Men\u00e9ndez Pelayo<\/i><\/strong><\/span> (2019) y obtuvo la certificaci\u00f3n europea de la <span style=\"color: #4b7389;\"><strong><i>Acute Cardiovascular Care Association de la Sociedad Europea de Cardiolog\u00eda<\/i><\/strong><\/span> (2020) y ha concluido los estudios del M\u00e1ster Universitario de Avances en Cardiolog\u00eda de la Universidad Cat\u00f3lica de Murcia (2022).<\/p><p>Su inter\u00e9s por el deporte y la cardiolog\u00eda deportiva le llev\u00f3 a especializarse en esta disciplina y en la realizaci\u00f3n de pruebas funcionales de esfuerzo enfocadas a deportistas durante los a\u00f1os 2023 y 2024 gracias a los cursos de <span style=\"color: #4b7389;\"><strong><em>Cardiolog\u00eda del deporte y Ergoespirometr\u00eda<\/em><\/strong> <em><strong>en medicina<\/strong> <\/em><\/span>y <span style=\"color: #4b7389;\"><em><strong>Rendimiento en el deporte de la Sociedad Espa\u00f1ola de Medicina del Deporte.\u00a0<\/strong><\/em><\/span><\/p><p><span style=\"font-family: Gotham-Light; font-size: 24px; color: var( --e-global-color-primary );\">\u00a0<\/span><\/p><p><span style=\"font-family: Gotham-XLight; font-size: 28px; color: var( --e-global-color-primary );\">Docencia y publicaciones<\/span><\/p><p>Ha participado como colaborador docente en diferentes cursos de ecocardiograf\u00eda. Dado su inter\u00e9s por la investigaci\u00f3n obtuvo la Diplomatura de postgrado de <span style=\"color: #4b7389;\"><b><i>\u201cDise\u00f1o y Estad\u00edstica en Ciencias de la Salud\u201d por la Universitat Aut\u00f2noma de Barcelona <\/i><\/b><\/span>(2016).\u00a0<\/p><p>Ha participado en la publicaci\u00f3n de 5 art\u00edculos en revistas nacionales e internacionales, cuenta con 5 cap\u00edtulos de libros publicados como primer autor y m\u00e1s de 15 comunicaciones orales o conferencias en congresos.<\/p>\t\t\t\t\t\t\t\t<\/div>\n\t\t\t\t<\/div>\n\t\t\t\t\t<\/div>\n\t\t<\/div>\n\t\t\t\t\t<\/div>\n\t\t<\/section>\n\t\t\t\t<\/div>\n\t\t","protected":false},"featured_media":7156,"template":"","meta":{"_acf_changed":false,"footnotes":""},"tags":[],"class_list":["post-9057","equipo_medico","type-equipo_medico","status-publish","has-post-thumbnail","hentry"],"acf":{"entradilla":"<p>Cardi\u00f3logo especialista en ecocardiograma de esfuerzo<\/p>\n"},"yoast_head":"<!-- This site is optimized with the Yoast SEO plugin v27.2 - https:\/\/yoast.com\/product\/yoast-seo-wordpress\/ -->\n<title>Dr. Alejandro Cort\u00e9s Beringola - Atria Clinic<\/title>\n<meta name=\"description\" content=\"En la actualidad desarrolla su actividad profesional principal dentro del \u00e1rea de la cardiolog\u00eda\u00a0cl\u00ednica y laboratorio de ecocardiograf\u00eda en el Hospital\" \/>\n<meta name=\"robots\" content=\"index, follow, max-snippet:-1, max-image-preview:large, max-video-preview:-1\" \/>\n<link rel=\"canonical\" href=\"https:\/\/atria.clinic\/en\/medical_team-en\/dr-alejandro-cortes-beringola\/\" \/>\n<meta property=\"og:locale\" content=\"en_US\" \/>\n<meta property=\"og:type\" content=\"article\" \/>\n<meta property=\"og:title\" content=\"Dr. Alejandro Cort\u00e9s Beringola - Atria Clinic\" \/>\n<meta property=\"og:description\" content=\"En la actualidad desarrolla su actividad profesional principal dentro del \u00e1rea de la cardiolog\u00eda\u00a0cl\u00ednica y laboratorio de ecocardiograf\u00eda en el Hospital\" \/>\n<meta property=\"og:url\" content=\"https:\/\/atria.clinic\/en\/medical_team-en\/dr-alejandro-cortes-beringola\/\" \/>\n<meta property=\"og:site_name\" content=\"Atria Clinic\" \/>\n<meta property=\"article:modified_time\" content=\"2025-05-29T10:59:16+00:00\" \/>\n<meta property=\"og:image\" content=\"https:\/\/atria.clinic\/wp-content\/uploads\/2023\/01\/Alejandro-Cortes-Equipo-Atria-Clinic.jpg\" \/>\n\t<meta property=\"og:image:width\" content=\"1024\" \/>\n\t<meta property=\"og:image:height\" content=\"1024\" \/>\n\t<meta property=\"og:image:type\" content=\"image\/jpeg\" \/>\n<meta name=\"twitter:card\" content=\"summary_large_image\" \/>\n<meta name=\"twitter:label1\" content=\"Est. reading time\" \/>\n\t<meta name=\"twitter:data1\" content=\"2 minutes\" \/>\n<script type=\"application\/ld+json\" class=\"yoast-schema-graph\">{\"@context\":\"https:\/\/schema.org\",\"@graph\":[{\"@type\":\"WebPage\",\"@id\":\"https:\/\/atria.clinic\/en\/medical_team-en\/dr-alejandro-cortes-beringola\/\",\"url\":\"https:\/\/atria.clinic\/en\/medical_team-en\/dr-alejandro-cortes-beringola\/\",\"name\":\"Dr. Alejandro Cort\u00e9s Beringola - Atria Clinic\",\"isPartOf\":{\"@id\":\"https:\/\/atria.clinic\/en\/#website\"},\"primaryImageOfPage\":{\"@id\":\"https:\/\/atria.clinic\/en\/medical_team-en\/dr-alejandro-cortes-beringola\/#primaryimage\"},\"image\":{\"@id\":\"https:\/\/atria.clinic\/en\/medical_team-en\/dr-alejandro-cortes-beringola\/#primaryimage\"},\"thumbnailUrl\":\"https:\/\/atria.clinic\/wp-content\/uploads\/2023\/01\/Alejandro-Cortes-Equipo-Atria-Clinic.jpg\",\"datePublished\":\"2024-10-04T14:36:20+00:00\",\"dateModified\":\"2025-05-29T10:59:16+00:00\",\"description\":\"En la actualidad desarrolla su actividad profesional principal dentro del \u00e1rea de la cardiolog\u00eda\u00a0cl\u00ednica y laboratorio de ecocardiograf\u00eda en el Hospital\",\"breadcrumb\":{\"@id\":\"https:\/\/atria.clinic\/en\/medical_team-en\/dr-alejandro-cortes-beringola\/#breadcrumb\"},\"inLanguage\":\"en-US\",\"potentialAction\":[{\"@type\":\"ReadAction\",\"target\":[\"https:\/\/atria.clinic\/en\/medical_team-en\/dr-alejandro-cortes-beringola\/\"]}]},{\"@type\":\"ImageObject\",\"inLanguage\":\"en-US\",\"@id\":\"https:\/\/atria.clinic\/en\/medical_team-en\/dr-alejandro-cortes-beringola\/#primaryimage\",\"url\":\"https:\/\/atria.clinic\/wp-content\/uploads\/2023\/01\/Alejandro-Cortes-Equipo-Atria-Clinic.jpg\",\"contentUrl\":\"https:\/\/atria.clinic\/wp-content\/uploads\/2023\/01\/Alejandro-Cortes-Equipo-Atria-Clinic.jpg\",\"width\":1024,\"height\":1024},{\"@type\":\"BreadcrumbList\",\"@id\":\"https:\/\/atria.clinic\/en\/medical_team-en\/dr-alejandro-cortes-beringola\/#breadcrumb\",\"itemListElement\":[{\"@type\":\"ListItem\",\"position\":1,\"name\":\"Portada\",\"item\":\"https:\/\/atria.clinic\/en\/home\/\"},{\"@type\":\"ListItem\",\"position\":2,\"name\":\"Equipo\",\"item\":\"https:\/\/atria.clinic\/en\/medical_team-en\/\"},{\"@type\":\"ListItem\",\"position\":3,\"name\":\"Dr. Alejandro Cort\u00e9s Beringola\"}]},{\"@type\":\"WebSite\",\"@id\":\"https:\/\/atria.clinic\/en\/#website\",\"url\":\"https:\/\/atria.clinic\/en\/\",\"name\":\"Atria Clinic\",\"description\":\"Prevenci\u00f3n, detecci\u00f3n y tratamiento temprano de patolog\u00edas cardiovasculares\",\"publisher\":{\"@id\":\"https:\/\/atria.clinic\/en\/#organization\"},\"potentialAction\":[{\"@type\":\"SearchAction\",\"target\":{\"@type\":\"EntryPoint\",\"urlTemplate\":\"https:\/\/atria.clinic\/en\/?s={search_term_string}\"},\"query-input\":{\"@type\":\"PropertyValueSpecification\",\"valueRequired\":true,\"valueName\":\"search_term_string\"}}],\"inLanguage\":\"en-US\"},{\"@type\":\"Organization\",\"@id\":\"https:\/\/atria.clinic\/en\/#organization\",\"name\":\"Atria Clinic\",\"url\":\"https:\/\/atria.clinic\/en\/\",\"logo\":{\"@type\":\"ImageObject\",\"inLanguage\":\"en-US\",\"@id\":\"https:\/\/atria.clinic\/en\/#\/schema\/logo\/image\/\",\"url\":\"https:\/\/atria.clinic\/wp-content\/uploads\/2021\/11\/LOGO-ATRIA-CLINIC.svg\",\"contentUrl\":\"https:\/\/atria.clinic\/wp-content\/uploads\/2021\/11\/LOGO-ATRIA-CLINIC.svg\",\"width\":300,\"height\":62,\"caption\":\"Atria Clinic\"},\"image\":{\"@id\":\"https:\/\/atria.clinic\/en\/#\/schema\/logo\/image\/\"},\"sameAs\":[\"https:\/\/www.linkedin.com\/company\/atria-clinic\/\"]}]}<\/script>\n<!-- \/ Yoast SEO plugin. -->","yoast_head_json":{"title":"Dr. Alejandro Cort\u00e9s Beringola - Atria Clinic","description":"En la actualidad desarrolla su actividad profesional principal dentro del \u00e1rea de la cardiolog\u00eda\u00a0cl\u00ednica y laboratorio de ecocardiograf\u00eda en el Hospital","robots":{"index":"index","follow":"follow","max-snippet":"max-snippet:-1","max-image-preview":"max-image-preview:large","max-video-preview":"max-video-preview:-1"},"canonical":"https:\/\/atria.clinic\/en\/medical_team-en\/dr-alejandro-cortes-beringola\/","og_locale":"en_US","og_type":"article","og_title":"Dr. Alejandro Cort\u00e9s Beringola - Atria Clinic","og_description":"En la actualidad desarrolla su actividad profesional principal dentro del \u00e1rea de la cardiolog\u00eda\u00a0cl\u00ednica y laboratorio de ecocardiograf\u00eda en el Hospital","og_url":"https:\/\/atria.clinic\/en\/medical_team-en\/dr-alejandro-cortes-beringola\/","og_site_name":"Atria Clinic","article_modified_time":"2025-05-29T10:59:16+00:00","og_image":[{"width":1024,"height":1024,"url":"https:\/\/atria.clinic\/wp-content\/uploads\/2023\/01\/Alejandro-Cortes-Equipo-Atria-Clinic.jpg","type":"image\/jpeg"}],"twitter_card":"summary_large_image","twitter_misc":{"Est. reading time":"2 minutes"},"schema":{"@context":"https:\/\/schema.org","@graph":[{"@type":"WebPage","@id":"https:\/\/atria.clinic\/en\/medical_team-en\/dr-alejandro-cortes-beringola\/","url":"https:\/\/atria.clinic\/en\/medical_team-en\/dr-alejandro-cortes-beringola\/","name":"Dr. Alejandro Cort\u00e9s Beringola - Atria Clinic","isPartOf":{"@id":"https:\/\/atria.clinic\/en\/#website"},"primaryImageOfPage":{"@id":"https:\/\/atria.clinic\/en\/medical_team-en\/dr-alejandro-cortes-beringola\/#primaryimage"},"image":{"@id":"https:\/\/atria.clinic\/en\/medical_team-en\/dr-alejandro-cortes-beringola\/#primaryimage"},"thumbnailUrl":"https:\/\/atria.clinic\/wp-content\/uploads\/2023\/01\/Alejandro-Cortes-Equipo-Atria-Clinic.jpg","datePublished":"2024-10-04T14:36:20+00:00","dateModified":"2025-05-29T10:59:16+00:00","description":"En la actualidad desarrolla su actividad profesional principal dentro del \u00e1rea de la cardiolog\u00eda\u00a0cl\u00ednica y laboratorio de ecocardiograf\u00eda en el Hospital","breadcrumb":{"@id":"https:\/\/atria.clinic\/en\/medical_team-en\/dr-alejandro-cortes-beringola\/#breadcrumb"},"inLanguage":"en-US","potentialAction":[{"@type":"ReadAction","target":["https:\/\/atria.clinic\/en\/medical_team-en\/dr-alejandro-cortes-beringola\/"]}]},{"@type":"ImageObject","inLanguage":"en-US","@id":"https:\/\/atria.clinic\/en\/medical_team-en\/dr-alejandro-cortes-beringola\/#primaryimage","url":"https:\/\/atria.clinic\/wp-content\/uploads\/2023\/01\/Alejandro-Cortes-Equipo-Atria-Clinic.jpg","contentUrl":"https:\/\/atria.clinic\/wp-content\/uploads\/2023\/01\/Alejandro-Cortes-Equipo-Atria-Clinic.jpg","width":1024,"height":1024},{"@type":"BreadcrumbList","@id":"https:\/\/atria.clinic\/en\/medical_team-en\/dr-alejandro-cortes-beringola\/#breadcrumb","itemListElement":[{"@type":"ListItem","position":1,"name":"Portada","item":"https:\/\/atria.clinic\/en\/home\/"},{"@type":"ListItem","position":2,"name":"Equipo","item":"https:\/\/atria.clinic\/en\/medical_team-en\/"},{"@type":"ListItem","position":3,"name":"Dr. Alejandro Cort\u00e9s Beringola"}]},{"@type":"WebSite","@id":"https:\/\/atria.clinic\/en\/#website","url":"https:\/\/atria.clinic\/en\/","name":"Atria Clinic","description":"Prevenci\u00f3n, detecci\u00f3n y tratamiento temprano de patolog\u00edas cardiovasculares","publisher":{"@id":"https:\/\/atria.clinic\/en\/#organization"},"potentialAction":[{"@type":"SearchAction","target":{"@type":"EntryPoint","urlTemplate":"https:\/\/atria.clinic\/en\/?s={search_term_string}"},"query-input":{"@type":"PropertyValueSpecification","valueRequired":true,"valueName":"search_term_string"}}],"inLanguage":"en-US"},{"@type":"Organization","@id":"https:\/\/atria.clinic\/en\/#organization","name":"Atria Clinic","url":"https:\/\/atria.clinic\/en\/","logo":{"@type":"ImageObject","inLanguage":"en-US","@id":"https:\/\/atria.clinic\/en\/#\/schema\/logo\/image\/","url":"https:\/\/atria.clinic\/wp-content\/uploads\/2021\/11\/LOGO-ATRIA-CLINIC.svg","contentUrl":"https:\/\/atria.clinic\/wp-content\/uploads\/2021\/11\/LOGO-ATRIA-CLINIC.svg","width":300,"height":62,"caption":"Atria Clinic"},"image":{"@id":"https:\/\/atria.clinic\/en\/#\/schema\/logo\/image\/"},"sameAs":["https:\/\/www.linkedin.com\/company\/atria-clinic\/"]}]}},"_links":{"self":[{"href":"https:\/\/atria.clinic\/en\/wp-json\/wp\/v2\/equipo_medico\/9057","targetHints":{"allow":["GET"]}}],"collection":[{"href":"https:\/\/atria.clinic\/en\/wp-json\/wp\/v2\/equipo_medico"}],"about":[{"href":"https:\/\/atria.clinic\/en\/wp-json\/wp\/v2\/types\/equipo_medico"}],"version-history":[{"count":26,"href":"https:\/\/atria.clinic\/en\/wp-json\/wp\/v2\/equipo_medico\/9057\/revisions"}],"predecessor-version":[{"id":10523,"href":"https:\/\/atria.clinic\/en\/wp-json\/wp\/v2\/equipo_medico\/9057\/revisions\/10523"}],"wp:featuredmedia":[{"embeddable":true,"href":"https:\/\/atria.clinic\/en\/wp-json\/wp\/v2\/media\/7156"}],"wp:attachment":[{"href":"https:\/\/atria.clinic\/en\/wp-json\/wp\/v2\/media?parent=9057"}],"wp:term":[{"taxonomy":"post_tag","embeddable":true,"href":"https:\/\/atria.clinic\/en\/wp-json\/wp\/v2\/tags?post=9057"}],"curies":[{"name":"wp","href":"https:\/\/api.w.org\/{rel}","templated":true}]}}